{"id":1142,"date":"2024-08-30T09:11:05","date_gmt":"2024-08-30T07:11:05","guid":{"rendered":"https:\/\/www.mugaritz.com\/andoni-luis-aduriz\/"},"modified":"2025-10-10T15:10:45","modified_gmt":"2025-10-10T13:10:45","slug":"andoni-luis-aduriz","status":"publish","type":"page","link":"https:\/\/www.mugaritz.com\/fr\/andoni-luis-aduriz\/","title":{"rendered":"Andoni Luis Aduriz"},"content":{"rendered":"<section id=\"\" class=\"is-absolute alignfull c-video-title c-page-header js-page-header wp-block-un-blocks-page-header\">\n  <article class=\"c-title \">\n  <div class=\"o-container \">\n          <h1 class=\"c-title__title\">L\u2019esprit insatiable derri\u00e8re Mugaritz<\/h1>\n              <\/div>\n<\/article>\n      <div class=\"c-page-header__scroll js-scroll \">\n    <svg xmlns=\"http:\/\/www.w3.org\/2000\/svg\" width=\"28\" height=\"61\" viewBox=\"0 0 28 61\" fill=\"none\" class=\"\">\n  <rect x=\"1\" y=\"1.22266\" width=\"26\" height=\"45\" rx=\"13\" stroke=\"white\" stroke-width=\"2\"\/>\n  <line x1=\"14\" y1=\"10.2227\" x2=\"14\" y2=\"19.556\" stroke=\"white\" stroke-width=\"2\"\/>\n  <path d=\"M9 52.2227L14 57.2227L19 52.2227\" stroke=\"white\" stroke-width=\"2\"\/>\n<\/svg>    Scroll\n  <\/div>\n<\/section>\n\n\n<artcile class=\"c-text l-cell\">\n  <div class=\"c-text__wrapper o-container o-container--full\">\n    <div class=\"c-text__image-side\">\n              <img loading=\"lazy\" decoding=\"async\" width=\"1024\" height=\"1024\" src=\"https:\/\/www.mugaritz.com\/wp-content\/uploads\/2024\/08\/Andoni-Retrato-1024x1024.webp\" class=\"c-text__img\" alt=\"\" srcset=\"https:\/\/www.mugaritz.com\/wp-content\/uploads\/2024\/08\/Andoni-Retrato-1024x1024.webp 1024w, https:\/\/www.mugaritz.com\/wp-content\/uploads\/2024\/08\/Andoni-Retrato-400x400.webp 400w, https:\/\/www.mugaritz.com\/wp-content\/uploads\/2024\/08\/Andoni-Retrato-100x100.webp 100w, https:\/\/www.mugaritz.com\/wp-content\/uploads\/2024\/08\/Andoni-Retrato-1200x1200.webp 1200w, https:\/\/www.mugaritz.com\/wp-content\/uploads\/2024\/08\/Andoni-Retrato-300x300.webp 300w, https:\/\/www.mugaritz.com\/wp-content\/uploads\/2024\/08\/Andoni-Retrato-150x150.webp 150w, https:\/\/www.mugaritz.com\/wp-content\/uploads\/2024\/08\/Andoni-Retrato-768x768.webp 768w, https:\/\/www.mugaritz.com\/wp-content\/uploads\/2024\/08\/Andoni-Retrato-1536x1536.webp 1536w, https:\/\/www.mugaritz.com\/wp-content\/uploads\/2024\/08\/Andoni-Retrato.webp 1600w\" sizes=\"(max-width: 1024px) 100vw, 1024px\" \/>          <\/div>\n    <div class=\"c-text__content\">\n                  <div class=\"c-text__text\"><p>Reconnu internationalement comme l\u2019un des chefs les plus influents de notre \u00e9poque, Andoni a toujours mis\u00e9 sur la cr\u00e9ativit\u00e9, l\u2019innovation et l\u2019interdisciplinarit\u00e9 en cuisine.<\/p>\n<p>Une recherche et une exploration constantes qui lui ont permis de traverser les fronti\u00e8res \u00e9tablies, de repousser les limites de la gastronomie et d\u2019\u00eatre consid\u00e9r\u00e9 comme l\u2019une des 100 personnes les plus cr\u00e9atives au monde selon la revue Forbes.<\/p>\n<\/div>\n          <\/div>\n  <\/div>\n<\/artcile>\n\n\n<article class=\"c-steps l-cell\">\n  <div class=\"o-container o-container--full\">\n              <div class=\"c-steps__item\">\n                <h3 class=\"c-steps__item-title\">Andoni est chemin. <br> La somme de connaissances.<\/h3>\n                <div class=\"c-steps__item-text\"><p>N\u00e9 en 1971 \u00e0 Saint-S\u00e9bastien, l\u2019un des bastions de la cuisine basque, Andoni est arriv\u00e9 dans le monde de la gastronomie presque par hasard mais il a rapidement d\u00e9couvert sa passion pour le go\u00fbt et les textures.<\/p>\n<p>Apr\u00e8s avoir termin\u00e9 sa formation \u00e0 l\u2019\u00c9cole d\u2019H\u00f4tellerie guipuscoane, Andoni a atterri \u00e0 El Bulli de Ferran Adri\u00e0, une exp\u00e9rience qui lui permettrait de d\u00e9couvrir les possibilit\u00e9s infinies que cache la cuisine.<\/p>\n<\/div>\n      <\/div>\n      <\/div>\n<\/article>\n\n\n<article class=\"c-title l-cell\">\n  <div class=\"o-container o-container--fluid\">\n          <h1 class=\"c-title__title\">\u00ab On apprend du bon et du mauvais \u00bb<\/h1>\n              <\/div>\n<\/article>\n\n\n<article class=\"c-steps l-cell\">\n  <div class=\"o-container o-container--full\">\n              <div class=\"c-steps__item\">\n                <h3 class=\"c-steps__item-title\">Plus qu&rsquo;un restaurant, de la cr\u00e9ativit\u00e9 partag\u00e9e<\/h3>\n                <div class=\"c-steps__item-text\"><p>C\u2019est en 1998 qu&rsquo;il se lance et ouvre sa propre aventure culinaire dans un environnement riche en traditions et en produits locaux.<\/p>\n<p>Un projet risqu\u00e9 et satisfaisant \u00e0 parts \u00e9gales qui, depuis 2006, poss\u00e8de deux \u00c9toiles Michelin et qui est devenu synonyme d&rsquo;innovation et de cr\u00e9ativit\u00e9.<\/p>\n<p>Patron fondateur du Basque Culinary Center, ses conf\u00e9rences lors de forums comme l\u2019Universit\u00e9 de Harvard ou le MIT, sa pr\u00e9sence au Conseil d\u2019administration d\u2019Innobasque ou sa position en tant que mentor d\u2019innovation et de cr\u00e9ativit\u00e9 \u00e0 Madrid Culinary Campus (MACC) sont le reflet de sa vocation de diffusion des connaissances acquises dans le domaine de la cr\u00e9ativit\u00e9 dans les organisations, la sant\u00e9 ou l&rsquo;alimentation de l\u2019avenir.<\/p>\n<\/div>\n      <\/div>\n          <div class=\"c-steps__item\">\n                <h3 class=\"c-steps__item-title\">Un paradigme en mouvement<\/h3>\n                <div class=\"c-steps__item-text\"><ul>\n<li style=\"font-weight: 400;\" aria-level=\"1\">Prix Diamant de l\u2019Excellence dans la cat\u00e9gorie Chef et Restaurant, d\u00e9cern\u00e9 par l\u2019Association Espagnole du Luxe (2025).<\/li>\n<li style=\"font-weight: 400;\" aria-level=\"1\">Homme de l&rsquo;ann\u00e9e du magazine esquire dans la cat\u00e9gorie Gastronomie (2024)<\/li>\n<li style=\"font-weight: 400;\" aria-level=\"1\">Prix de la cr\u00e9ativit\u00e9 aux Fuera de Serie Gourmet Awards (2024)<\/li>\n<li style=\"font-weight: 400;\" aria-level=\"1\">Prix Icon Award des World&rsquo;s 50 Best Restaurants (2023)<\/li>\n<li style=\"font-weight: 400;\" aria-level=\"1\">Prix \u00ab The Best Chef Science Award \u00bb aux Best Chef Awards (2022)<\/li>\n<li style=\"font-weight: 400;\" aria-level=\"1\">Prix Bob Noto dans le cadre du congr\u00e8s Buonissima Torino (2021)<\/li>\n<li style=\"font-weight: 400;\" aria-level=\"1\">Prix national d\u2019h\u00f4tellerie dans la cat\u00e9gorie du meilleur cuisinier-entrepreneur par Hosteler\u00eda Espa\u00f1a (2021)<\/li>\n<li style=\"font-weight: 400;\" aria-level=\"1\">Ambassadeur de Bonne Volont\u00e9 de la Cuisine japonaise par le Minist\u00e8re de l\u2019Agriculture, de la Sylviculture et de la P\u00eache du Japon (2021)<\/li>\n<li style=\"font-weight: 400;\" aria-level=\"1\">Gastronomie saine (personnalit\u00e9) par l\u2019Acad\u00e9mie royale de Gastronomie (2018)<\/li>\n<li style=\"font-weight: 400;\" aria-level=\"1\">Prix Eckart Witzigmann (2012)<\/li>\n<li style=\"font-weight: 400;\" aria-level=\"1\">Prix \u00ab Chef&rsquo;s Choice Award \u00bb, par les cuisiniers qui compl\u00e8tent la liste de St. Pellegrino (2006 et 2012)<\/li>\n<li style=\"font-weight: 400;\" aria-level=\"1\">Euskadi de Gastronomie au meilleur restaurant selon l\u2019Acad\u00e9mie Basque de Gastronomie (2003)<\/li>\n<li style=\"font-weight: 400;\" aria-level=\"1\">Prix national de Gastronomie (2002)<\/li>\n<\/ul>\n<\/div>\n      <\/div>\n          <div class=\"c-steps__item\">\n                <h3 class=\"c-steps__item-title\">26 ans en 22 livres<\/h3>\n                <div class=\"c-steps__item-text\"><p>Aduriz et l\u2019\u00e9quipe de Mugaritz ont partag\u00e9 leur vision de la gastronomie, et du monde, \u00e0 travers plusieurs publications o\u00f9 ils illustrent leur vision particuli\u00e8re de la gastronomie. Leurs livres sont une invitation \u00e0 r\u00e9fl\u00e9chir sur la cuisine dans son sens le plus large.<\/p>\n<\/div>\n      <\/div>\n      <\/div>\n<\/article>\n\n\n<section\n  id=\"\"\n  class=\"alignfull c-books js-books wp-block-un-blocks-books\">\n  <div class=\"c-books__wrapper o-container o-container--full\">\n<section\nid=\"\"\nclass=\"c-book js-book wp-block-un-blocks-book\">\n  <img loading=\"lazy\" decoding=\"async\" width=\"768\" height=\"768\" src=\"https:\/\/www.mugaritz.com\/wp-content\/uploads\/2024\/09\/Andoni-Libro-Puntos-Fuga-768x768.webp\" class=\"c-book__image\" alt=\"\" srcset=\"https:\/\/www.mugaritz.com\/wp-content\/uploads\/2024\/09\/Andoni-Libro-Puntos-Fuga-768x768.webp 768w, https:\/\/www.mugaritz.com\/wp-content\/uploads\/2024\/09\/Andoni-Libro-Puntos-Fuga-400x400.webp 400w, https:\/\/www.mugaritz.com\/wp-content\/uploads\/2024\/09\/Andoni-Libro-Puntos-Fuga-100x100.webp 100w, https:\/\/www.mugaritz.com\/wp-content\/uploads\/2024\/09\/Andoni-Libro-Puntos-Fuga-300x300.webp 300w, https:\/\/www.mugaritz.com\/wp-content\/uploads\/2024\/09\/Andoni-Libro-Puntos-Fuga-1024x1024.webp 1024w, https:\/\/www.mugaritz.com\/wp-content\/uploads\/2024\/09\/Andoni-Libro-Puntos-Fuga-150x150.webp 150w, https:\/\/www.mugaritz.com\/wp-content\/uploads\/2024\/09\/Andoni-Libro-Puntos-Fuga.webp 1080w\" sizes=\"(max-width: 768px) 100vw, 768px\" \/>      <h2 class=\"c-book__title\">Mugaritz. Vanishing points<\/h2>\n        <p class=\"c-book__author\">Andoni Luis Aduriz (2019)<\/p>\n        <div class=\"c-book__description\"><p>Un relato \u00edntimo y temerario sobre c\u00f3mo Mugaritz vive la cocina, haciendo de la creatividad el mejor ingrediente para inspirar, sorprender y provocar a comensales del mundo entero.<\/p>\n<\/div>\n        <a target=\"_blank\" href=\"https:\/\/tienda.mugaritz.com\/fr\/shop\/mugaritz-vanishing-points-english-\/pr-1553590011\/\" class=\"c-button c-button--alt\">\n      Acheter    <\/a>\n  <\/section>\n\n\n<section\nid=\"\"\nclass=\"c-book js-book wp-block-un-blocks-book\">\n  <img loading=\"lazy\" decoding=\"async\" width=\"768\" height=\"768\" src=\"https:\/\/www.mugaritz.com\/wp-content\/uploads\/2024\/09\/Andoni-Libro-Cocinar-Vivir-768x768.webp\" class=\"c-book__image\" alt=\"\" srcset=\"https:\/\/www.mugaritz.com\/wp-content\/uploads\/2024\/09\/Andoni-Libro-Cocinar-Vivir-768x768.webp 768w, https:\/\/www.mugaritz.com\/wp-content\/uploads\/2024\/09\/Andoni-Libro-Cocinar-Vivir-400x400.webp 400w, https:\/\/www.mugaritz.com\/wp-content\/uploads\/2024\/09\/Andoni-Libro-Cocinar-Vivir-100x100.webp 100w, https:\/\/www.mugaritz.com\/wp-content\/uploads\/2024\/09\/Andoni-Libro-Cocinar-Vivir-300x300.webp 300w, https:\/\/www.mugaritz.com\/wp-content\/uploads\/2024\/09\/Andoni-Libro-Cocinar-Vivir-1024x1024.webp 1024w, https:\/\/www.mugaritz.com\/wp-content\/uploads\/2024\/09\/Andoni-Libro-Cocinar-Vivir-150x150.webp 150w, https:\/\/www.mugaritz.com\/wp-content\/uploads\/2024\/09\/Andoni-Libro-Cocinar-Vivir.webp 1080w\" sizes=\"(max-width: 768px) 100vw, 768px\" \/>      <h2 class=\"c-book__title\">Cocinar para vivir<\/h2>\n        <p class=\"c-book__author\">Fernando Fombedilla y Andoni Luis Aduriz (2015)<\/p>\n        <div class=\"c-book__description\"><p>C\u00f3mo cocinar para prevenir el c\u00e1ncer. Un libro que busca la reflexi\u00f3n y la toma de conciencia sobre la necesidad de cambio de h\u00e1bitos en nuestra alimentaci\u00f3n.<\/p>\n<\/div>\n        <a target=\"_blank\" href=\"https:\/\/tienda.mugaritz.com\/fr\/shop\/cocinar-para-vivir-\/pr-1431511301\/\" class=\"c-button c-button--alt\">\n      Acheter    <\/a>\n  <\/section>\n\n\n<section\nid=\"\"\nclass=\"c-book js-book wp-block-un-blocks-book\">\n  <img loading=\"lazy\" decoding=\"async\" width=\"768\" height=\"768\" src=\"https:\/\/www.mugaritz.com\/wp-content\/uploads\/2024\/09\/Andoni-Libro-Recetas-Casa-768x768.webp\" class=\"c-book__image\" alt=\"\" srcset=\"https:\/\/www.mugaritz.com\/wp-content\/uploads\/2024\/09\/Andoni-Libro-Recetas-Casa-768x768.webp 768w, https:\/\/www.mugaritz.com\/wp-content\/uploads\/2024\/09\/Andoni-Libro-Recetas-Casa-400x400.webp 400w, https:\/\/www.mugaritz.com\/wp-content\/uploads\/2024\/09\/Andoni-Libro-Recetas-Casa-100x100.webp 100w, https:\/\/www.mugaritz.com\/wp-content\/uploads\/2024\/09\/Andoni-Libro-Recetas-Casa-300x300.webp 300w, https:\/\/www.mugaritz.com\/wp-content\/uploads\/2024\/09\/Andoni-Libro-Recetas-Casa-1024x1024.webp 1024w, https:\/\/www.mugaritz.com\/wp-content\/uploads\/2024\/09\/Andoni-Libro-Recetas-Casa-150x150.webp 150w, https:\/\/www.mugaritz.com\/wp-content\/uploads\/2024\/09\/Andoni-Libro-Recetas-Casa.webp 1080w\" sizes=\"(max-width: 768px) 100vw, 768px\" \/>      <h2 class=\"c-book__title\">Las recetas de mi casa<\/h2>\n        <p class=\"c-book__author\">Andoni Luis Aduriz (2013)<\/p>\n        <div class=\"c-book__description\"><p>Un libro de cocina con recetas basadas en el producto de temporada y con la sencillez como emblema, para que cualquier persona pueda hacer de la mesa un espacio de categor\u00eda.<\/p>\n<\/div>\n        <a target=\"_blank\" href=\"https:\/\/tienda.mugaritz.com\/fr\/shop\/las-recetas-de-mi-casa\/pr-1383218569\/\" class=\"c-button c-button--alt\">\n      Acheter    <\/a>\n  <\/section>\n\n\n<section\nid=\"\"\nclass=\"c-book js-book wp-block-un-blocks-book\">\n  <img loading=\"lazy\" decoding=\"async\" width=\"768\" height=\"768\" src=\"https:\/\/www.mugaritz.com\/wp-content\/uploads\/2024\/09\/Andoni-Libro-Mugaritz-768x768.webp\" class=\"c-book__image\" alt=\"\" srcset=\"https:\/\/www.mugaritz.com\/wp-content\/uploads\/2024\/09\/Andoni-Libro-Mugaritz-768x768.webp 768w, https:\/\/www.mugaritz.com\/wp-content\/uploads\/2024\/09\/Andoni-Libro-Mugaritz-400x400.webp 400w, https:\/\/www.mugaritz.com\/wp-content\/uploads\/2024\/09\/Andoni-Libro-Mugaritz-100x100.webp 100w, https:\/\/www.mugaritz.com\/wp-content\/uploads\/2024\/09\/Andoni-Libro-Mugaritz-300x300.webp 300w, https:\/\/www.mugaritz.com\/wp-content\/uploads\/2024\/09\/Andoni-Libro-Mugaritz-1024x1024.webp 1024w, https:\/\/www.mugaritz.com\/wp-content\/uploads\/2024\/09\/Andoni-Libro-Mugaritz-150x150.webp 150w, https:\/\/www.mugaritz.com\/wp-content\/uploads\/2024\/09\/Andoni-Libro-Mugaritz.webp 1080w\" sizes=\"(max-width: 768px) 100vw, 768px\" \/>      <h2 class=\"c-book__title\">Mugaritz. La cocina como ciencia natural<\/h2>\n        <p class=\"c-book__author\">Andoni Luis Aduriz (2012)<\/p>\n        <div class=\"c-book__description\"><p>Un libro sobre la historia del restaurante, su relaci\u00f3n con la naturaleza, el lenguaje culinario creado por Aduriz, las t\u00e9cnicas detr\u00e1s de los platos y la experiencia que se construye para el cliente.<\/p>\n<\/div>\n        <a target=\"_blank\" href=\"https:\/\/tienda.mugaritz.com\/fr\/shop\/mugaritz-la-cocina-como-ciencia-natural-\/pr-1406545404\/\" class=\"c-button c-button--alt\">\n      Acheter    <\/a>\n  <\/section>\n\n\n<section\nid=\"\"\nclass=\"c-book js-book wp-block-un-blocks-book\">\n  <img loading=\"lazy\" decoding=\"async\" width=\"768\" height=\"768\" src=\"https:\/\/www.mugaritz.com\/wp-content\/uploads\/2024\/09\/Andoni-Libro-Innovacion-Abierta-768x768.webp\" class=\"c-book__image\" alt=\"\" srcset=\"https:\/\/www.mugaritz.com\/wp-content\/uploads\/2024\/09\/Andoni-Libro-Innovacion-Abierta-768x768.webp 768w, https:\/\/www.mugaritz.com\/wp-content\/uploads\/2024\/09\/Andoni-Libro-Innovacion-Abierta-400x400.webp 400w, https:\/\/www.mugaritz.com\/wp-content\/uploads\/2024\/09\/Andoni-Libro-Innovacion-Abierta-100x100.webp 100w, https:\/\/www.mugaritz.com\/wp-content\/uploads\/2024\/09\/Andoni-Libro-Innovacion-Abierta-300x300.webp 300w, https:\/\/www.mugaritz.com\/wp-content\/uploads\/2024\/09\/Andoni-Libro-Innovacion-Abierta-1024x1024.webp 1024w, https:\/\/www.mugaritz.com\/wp-content\/uploads\/2024\/09\/Andoni-Libro-Innovacion-Abierta-150x150.webp 150w, https:\/\/www.mugaritz.com\/wp-content\/uploads\/2024\/09\/Andoni-Libro-Innovacion-Abierta.webp 1080w\" sizes=\"(max-width: 768px) 100vw, 768px\" \/>      <h2 class=\"c-book__title\">Innovaci\u00f3n abierta y la alta cocina<\/h2>\n        <p class=\"c-book__author\">Jos\u00e9 Luis Larrea y Andoni Luis Aduriz (2011)<\/p>\n        <div class=\"c-book__description\"><p>Aprender a innovar con Mugaritz.<\/p>\n<\/div>\n        <a target=\"_blank\" href=\"https:\/\/tienda.mugaritz.com\/fr\/shop\/innovacion-abierta-y-la-alta-cocina\/pr-1338534759\/\" class=\"c-button c-button--alt\">\n      Acheter    <\/a>\n  <\/section>\n\n\n<section\nid=\"\"\nclass=\"c-book js-book wp-block-un-blocks-book\">\n  <img loading=\"lazy\" decoding=\"async\" width=\"768\" height=\"768\" src=\"https:\/\/www.mugaritz.com\/wp-content\/uploads\/2024\/09\/Andoni-Libro-Gourmet-Extraterrestre-768x768.webp\" class=\"c-book__image\" alt=\"\" srcset=\"https:\/\/www.mugaritz.com\/wp-content\/uploads\/2024\/09\/Andoni-Libro-Gourmet-Extraterrestre-768x768.webp 768w, https:\/\/www.mugaritz.com\/wp-content\/uploads\/2024\/09\/Andoni-Libro-Gourmet-Extraterrestre-400x400.webp 400w, https:\/\/www.mugaritz.com\/wp-content\/uploads\/2024\/09\/Andoni-Libro-Gourmet-Extraterrestre-100x100.webp 100w, https:\/\/www.mugaritz.com\/wp-content\/uploads\/2024\/09\/Andoni-Libro-Gourmet-Extraterrestre-300x300.webp 300w, https:\/\/www.mugaritz.com\/wp-content\/uploads\/2024\/09\/Andoni-Libro-Gourmet-Extraterrestre-1024x1024.webp 1024w, https:\/\/www.mugaritz.com\/wp-content\/uploads\/2024\/09\/Andoni-Libro-Gourmet-Extraterrestre-150x150.webp 150w, https:\/\/www.mugaritz.com\/wp-content\/uploads\/2024\/09\/Andoni-Libro-Gourmet-Extraterrestre.webp 1080w\" sizes=\"(max-width: 768px) 100vw, 768px\" \/>      <h2 class=\"c-book__title\">El Gourmet Extraterrestre<\/h2>\n        <p class=\"c-book__author\">\u00a0Andoni Luis Aduriz (2011)<\/p>\n        <div class=\"c-book__description\"><p>Recetas y an\u00e9cdotas recogidas por Gemu K en sus viajes por el mundo<\/p>\n<\/div>\n        <a target=\"_blank\" href=\"https:\/\/tienda.mugaritz.com\/fr\/shop\/el-gourmet-extraterrestre\/pr-1335790598\/\" class=\"c-button c-button--alt\">\n      Acheter    <\/a>\n  <\/section>\n\n\n<section\nid=\"\"\nclass=\"c-book js-book wp-block-un-blocks-book\">\n  <img loading=\"lazy\" decoding=\"async\" width=\"768\" height=\"768\" src=\"https:\/\/www.mugaritz.com\/wp-content\/uploads\/2024\/09\/Andoni-Libro-Foie-Gras-768x768.webp\" class=\"c-book__image\" alt=\"\" srcset=\"https:\/\/www.mugaritz.com\/wp-content\/uploads\/2024\/09\/Andoni-Libro-Foie-Gras-768x768.webp 768w, https:\/\/www.mugaritz.com\/wp-content\/uploads\/2024\/09\/Andoni-Libro-Foie-Gras-400x400.webp 400w, https:\/\/www.mugaritz.com\/wp-content\/uploads\/2024\/09\/Andoni-Libro-Foie-Gras-100x100.webp 100w, https:\/\/www.mugaritz.com\/wp-content\/uploads\/2024\/09\/Andoni-Libro-Foie-Gras-300x300.webp 300w, https:\/\/www.mugaritz.com\/wp-content\/uploads\/2024\/09\/Andoni-Libro-Foie-Gras-1024x1024.webp 1024w, https:\/\/www.mugaritz.com\/wp-content\/uploads\/2024\/09\/Andoni-Libro-Foie-Gras-150x150.webp 150w, https:\/\/www.mugaritz.com\/wp-content\/uploads\/2024\/09\/Andoni-Libro-Foie-Gras.webp 1080w\" sizes=\"(max-width: 768px) 100vw, 768px\" \/>      <h2 class=\"c-book__title\">Foie Gras<\/h2>\n        <p class=\"c-book__author\">Andoni Luis Aduriz (2008)<\/p>\n        <div class=\"c-book__description\"><p>Un thriller con el foie gras como protagonista acompa\u00f1ado por los dibujos del artista Alfredo \u00c1lvarez Pl\u00e1garo. Con pr\u00e1cticos consejos de preparaci\u00f3n y servicio describe principios como la consistencia, el aspecto, el peso, la procedencia o el denervado del h\u00edgado.<\/p>\n<\/div>\n        <a target=\"_blank\" href=\"https:\/\/tienda.mugaritz.com\/fr\/shop\/foie-gras\/pr-3200\/\" class=\"c-button c-button--alt\">\n      Acheter    <\/a>\n  <\/section>\n\n\n<section\nid=\"\"\nclass=\"c-book js-book wp-block-un-blocks-book\">\n  <img loading=\"lazy\" decoding=\"async\" width=\"768\" height=\"768\" src=\"https:\/\/www.mugaritz.com\/wp-content\/uploads\/2024\/09\/Andoni-Libro-Bajos-Alta-Cocina-768x768.webp\" class=\"c-book__image\" alt=\"\" srcset=\"https:\/\/www.mugaritz.com\/wp-content\/uploads\/2024\/09\/Andoni-Libro-Bajos-Alta-Cocina-768x768.webp 768w, https:\/\/www.mugaritz.com\/wp-content\/uploads\/2024\/09\/Andoni-Libro-Bajos-Alta-Cocina-400x400.webp 400w, https:\/\/www.mugaritz.com\/wp-content\/uploads\/2024\/09\/Andoni-Libro-Bajos-Alta-Cocina-100x100.webp 100w, https:\/\/www.mugaritz.com\/wp-content\/uploads\/2024\/09\/Andoni-Libro-Bajos-Alta-Cocina-300x300.webp 300w, https:\/\/www.mugaritz.com\/wp-content\/uploads\/2024\/09\/Andoni-Libro-Bajos-Alta-Cocina-1024x1024.webp 1024w, https:\/\/www.mugaritz.com\/wp-content\/uploads\/2024\/09\/Andoni-Libro-Bajos-Alta-Cocina-150x150.webp 150w, https:\/\/www.mugaritz.com\/wp-content\/uploads\/2024\/09\/Andoni-Libro-Bajos-Alta-Cocina.webp 1080w\" sizes=\"(max-width: 768px) 100vw, 768px\" \/>      <h2 class=\"c-book__title\">Los bajos de la alta cocina<\/h2>\n        <p class=\"c-book__author\">\u00c1lvarez Rabo y Andoni Luis Aduriz (2008)<\/p>\n        <div class=\"c-book__description\"><p>Un ensayo cr\u00edtico pat\u00e9tico sobre la &lsquo;Alta Cocina&rsquo; creado para la celebraci\u00f3n del d\u00e9cimo aniversario de Mugaritz.<\/p>\n<\/div>\n        <a target=\"_blank\" href=\"https:\/\/tienda.mugaritz.com\/fr\/shop\/los-bajos-de-la-alta-cocina\/pr-2800\/\" class=\"c-button c-button--alt\">\n      Acheter    <\/a>\n  <\/section>\n\n\n<section\nid=\"\"\nclass=\"c-book js-book wp-block-un-blocks-book\">\n  <img loading=\"lazy\" decoding=\"async\" width=\"768\" height=\"768\" src=\"https:\/\/www.mugaritz.com\/wp-content\/uploads\/2024\/09\/Andoni-Libro-Diccionario-Botanico-768x768.webp\" class=\"c-book__image\" alt=\"\" srcset=\"https:\/\/www.mugaritz.com\/wp-content\/uploads\/2024\/09\/Andoni-Libro-Diccionario-Botanico-768x768.webp 768w, https:\/\/www.mugaritz.com\/wp-content\/uploads\/2024\/09\/Andoni-Libro-Diccionario-Botanico-400x400.webp 400w, https:\/\/www.mugaritz.com\/wp-content\/uploads\/2024\/09\/Andoni-Libro-Diccionario-Botanico-100x100.webp 100w, https:\/\/www.mugaritz.com\/wp-content\/uploads\/2024\/09\/Andoni-Libro-Diccionario-Botanico-300x300.webp 300w, https:\/\/www.mugaritz.com\/wp-content\/uploads\/2024\/09\/Andoni-Libro-Diccionario-Botanico-1024x1024.webp 1024w, https:\/\/www.mugaritz.com\/wp-content\/uploads\/2024\/09\/Andoni-Libro-Diccionario-Botanico-150x150.webp 150w, https:\/\/www.mugaritz.com\/wp-content\/uploads\/2024\/09\/Andoni-Libro-Diccionario-Botanico.webp 1080w\" sizes=\"(max-width: 768px) 100vw, 768px\" \/>      <h2 class=\"c-book__title\">Diccionario bot\u00e1nico para cocineros<\/h2>\n        <p class=\"c-book__author\">Fran\u00e7ois-Luc Gauthier y Andoni Luis Aduriz (2006)<\/p>\n        <div class=\"c-book__description\"><p>Un recorrido por el mundo vegetal que contiene un glosario bot\u00e1nico elemental, una gu\u00eda de usos culinarios de las plantas y un herbario por aromas.<\/p>\n<\/div>\n        <a target=\"_blank\" href=\"https:\/\/tienda.mugaritz.com\/fr\/shop\/diccionario-botanico-para-cocineros\/pr-3000\/\" class=\"c-button c-button--alt\">\n      Acheter    <\/a>\n  <\/section>\n\n\n<section\nid=\"\"\nclass=\"c-book js-book wp-block-un-blocks-book\">\n  <img loading=\"lazy\" decoding=\"async\" width=\"768\" height=\"768\" src=\"https:\/\/www.mugaritz.com\/wp-content\/uploads\/2024\/09\/Andoni-Libro-Txikichef-768x768.webp\" class=\"c-book__image\" alt=\"\" srcset=\"https:\/\/www.mugaritz.com\/wp-content\/uploads\/2024\/09\/Andoni-Libro-Txikichef-768x768.webp 768w, https:\/\/www.mugaritz.com\/wp-content\/uploads\/2024\/09\/Andoni-Libro-Txikichef-400x400.webp 400w, https:\/\/www.mugaritz.com\/wp-content\/uploads\/2024\/09\/Andoni-Libro-Txikichef-100x100.webp 100w, https:\/\/www.mugaritz.com\/wp-content\/uploads\/2024\/09\/Andoni-Libro-Txikichef-300x300.webp 300w, https:\/\/www.mugaritz.com\/wp-content\/uploads\/2024\/09\/Andoni-Libro-Txikichef-1024x1024.webp 1024w, https:\/\/www.mugaritz.com\/wp-content\/uploads\/2024\/09\/Andoni-Libro-Txikichef-150x150.webp 150w, https:\/\/www.mugaritz.com\/wp-content\/uploads\/2024\/09\/Andoni-Libro-Txikichef.webp 1080w\" sizes=\"(max-width: 768px) 100vw, 768px\" \/>      <h2 class=\"c-book__title\">Txikichef<\/h2>\n        <p class=\"c-book__author\">Andoni Luis Aduriz (2006)<\/p>\n        <div class=\"c-book__description\"><p>Dedicado a los m\u00e1s j\u00f3venes, muestra la cocina como cultura y divertimento, alquimia y magia. Un libro creado junto a Jangela Solidaria, la organizaci\u00f3n con la que colaboramos en la lucha contra el hambre en Wukro, Etiop\u00eda.<\/p>\n<\/div>\n        <a target=\"_blank\" href=\"https:\/\/tienda.mugaritz.com\/fr\/shop\/txikichef\/pr-3100\/\" class=\"c-button c-button--alt\">\n      Acheter    <\/a>\n  <\/section>\n\n\n<section\nid=\"\"\nclass=\"c-book js-book wp-block-un-blocks-book\">\n  <img loading=\"lazy\" decoding=\"async\" width=\"768\" height=\"768\" src=\"https:\/\/www.mugaritz.com\/wp-content\/uploads\/2024\/09\/Andoni-Libro-Bestiarium-768x768.webp\" class=\"c-book__image\" alt=\"\" srcset=\"https:\/\/www.mugaritz.com\/wp-content\/uploads\/2024\/09\/Andoni-Libro-Bestiarium-768x768.webp 768w, https:\/\/www.mugaritz.com\/wp-content\/uploads\/2024\/09\/Andoni-Libro-Bestiarium-400x400.webp 400w, https:\/\/www.mugaritz.com\/wp-content\/uploads\/2024\/09\/Andoni-Libro-Bestiarium-100x100.webp 100w, https:\/\/www.mugaritz.com\/wp-content\/uploads\/2024\/09\/Andoni-Libro-Bestiarium-300x300.webp 300w, https:\/\/www.mugaritz.com\/wp-content\/uploads\/2024\/09\/Andoni-Libro-Bestiarium-1024x1024.webp 1024w, https:\/\/www.mugaritz.com\/wp-content\/uploads\/2024\/09\/Andoni-Libro-Bestiarium-150x150.webp 150w, https:\/\/www.mugaritz.com\/wp-content\/uploads\/2024\/09\/Andoni-Libro-Bestiarium.webp 1080w\" sizes=\"(max-width: 768px) 100vw, 768px\" \/>      <h2 class=\"c-book__title\">Bestiarium Gastronomicae<\/h2>\n        <p class=\"c-book__author\">Andoni Luis Aduriz (2006)<\/p>\n        <div class=\"c-book__description\"><p>Un homenaje a Gyula Madar\u00e2sz donde recreamos gr\u00e1ficamente sus bestias y las llevamos hasta las \u00faltimas consecuencias: la cazuela. Una interpretaci\u00f3n gastron\u00f3mica a cargo de Andoni, fotografiada por Usagi Enoki e inspirada en la interpretaci\u00f3n de Jos\u00e9 Belmonte de los escritos de Madar\u00e2sz.<\/p>\n<\/div>\n        <a target=\"_blank\" href=\"https:\/\/tienda.mugaritz.com\/fr\/shop\/bestiarium-gastronomicae\/pr-2000\/\" class=\"c-button c-button--alt\">\n      Acheter    <\/a>\n  <\/section>\n\n\n<section\nid=\"\"\nclass=\"c-book js-book wp-block-un-blocks-book\">\n  <img loading=\"lazy\" decoding=\"async\" width=\"768\" height=\"768\" src=\"https:\/\/www.mugaritz.com\/wp-content\/uploads\/2024\/09\/Andoni-Libro-Clorofilia-768x768.webp\" class=\"c-book__image\" alt=\"\" srcset=\"https:\/\/www.mugaritz.com\/wp-content\/uploads\/2024\/09\/Andoni-Libro-Clorofilia-768x768.webp 768w, https:\/\/www.mugaritz.com\/wp-content\/uploads\/2024\/09\/Andoni-Libro-Clorofilia-400x400.webp 400w, https:\/\/www.mugaritz.com\/wp-content\/uploads\/2024\/09\/Andoni-Libro-Clorofilia-100x100.webp 100w, https:\/\/www.mugaritz.com\/wp-content\/uploads\/2024\/09\/Andoni-Libro-Clorofilia-300x300.webp 300w, https:\/\/www.mugaritz.com\/wp-content\/uploads\/2024\/09\/Andoni-Libro-Clorofilia-1024x1024.webp 1024w, https:\/\/www.mugaritz.com\/wp-content\/uploads\/2024\/09\/Andoni-Libro-Clorofilia-150x150.webp 150w, https:\/\/www.mugaritz.com\/wp-content\/uploads\/2024\/09\/Andoni-Libro-Clorofilia.webp 1080w\" sizes=\"(max-width: 768px) 100vw, 768px\" \/>      <h2 class=\"c-book__title\">Clorofilia<\/h2>\n        <p class=\"c-book__author\">Andoni Luis Aduriz (2005)<\/p>\n        <div class=\"c-book__description\"><p>Una obra, apoyada en el conocimiento del bioqu\u00edmico Unai Ugalde, los escritores Hasier Etxeberr\u00eda y Miguel s\u00e1nchez-Ostiz y los bot\u00e1nicos I\u00f1aki Aizpuru y Paco Garin, que recupera 50 plantas silvestres a trav\u00e9s de un recetario original que entabla un nuevo di\u00e1logo con la clorofila.<\/p>\n<\/div>\n        <a target=\"_blank\" href=\"https:\/\/tienda.mugaritz.com\/fr\/shop\/clorofilia\/pr-2100\/\" class=\"c-button c-button--alt\">\n      Acheter    <\/a>\n  <\/section>\n\n<\/div>\n<\/section>\n","protected":false},"excerpt":{"rendered":"","protected":false},"author":2,"featured_media":0,"parent":0,"menu_order":0,"comment_status":"closed","ping_status":"closed","template":"","meta":{"_acf_changed":false,"footnotes":""},"class_list":["post-1142","page","type-page","status-publish","hentry"],"acf":[],"yoast_head":"<!-- This site is optimized with the Yoast SEO plugin v27.4 - https:\/\/yoast.com\/product\/yoast-seo-wordpress\/ -->\n<title>Andoni Luis Aduriz - Mugaritz<\/title>\n<meta name=\"robots\" content=\"index, follow, max-snippet:-1, max-image-preview:large, max-video-preview:-1\" \/>\n<link rel=\"canonical\" href=\"https:\/\/www.mugaritz.com\/fr\/andoni-luis-aduriz\/\" \/>\n<meta property=\"og:locale\" content=\"fr_FR\" \/>\n<meta property=\"og:type\" content=\"article\" \/>\n<meta property=\"og:title\" content=\"Andoni Luis Aduriz - Mugaritz\" \/>\n<meta property=\"og:url\" content=\"https:\/\/www.mugaritz.com\/fr\/andoni-luis-aduriz\/\" \/>\n<meta property=\"og:site_name\" content=\"Mugaritz\" \/>\n<meta property=\"article:modified_time\" content=\"2025-10-10T13:10:45+00:00\" \/>\n<meta name=\"twitter:card\" content=\"summary_large_image\" \/>\n<script type=\"application\/ld+json\" class=\"yoast-schema-graph\">{\"@context\":\"https:\\\/\\\/schema.org\",\"@graph\":[{\"@type\":\"WebPage\",\"@id\":\"https:\\\/\\\/www.mugaritz.com\\\/fr\\\/andoni-luis-aduriz\\\/\",\"url\":\"https:\\\/\\\/www.mugaritz.com\\\/fr\\\/andoni-luis-aduriz\\\/\",\"name\":\"Andoni Luis Aduriz - Mugaritz\",\"isPartOf\":{\"@id\":\"https:\\\/\\\/www.mugaritz.com\\\/fr\\\/#website\"},\"datePublished\":\"2024-08-30T07:11:05+00:00\",\"dateModified\":\"2025-10-10T13:10:45+00:00\",\"breadcrumb\":{\"@id\":\"https:\\\/\\\/www.mugaritz.com\\\/fr\\\/andoni-luis-aduriz\\\/#breadcrumb\"},\"inLanguage\":\"fr-FR\",\"potentialAction\":[{\"@type\":\"ReadAction\",\"target\":[\"https:\\\/\\\/www.mugaritz.com\\\/fr\\\/andoni-luis-aduriz\\\/\"]}]},{\"@type\":\"BreadcrumbList\",\"@id\":\"https:\\\/\\\/www.mugaritz.com\\\/fr\\\/andoni-luis-aduriz\\\/#breadcrumb\",\"itemListElement\":[{\"@type\":\"ListItem\",\"position\":1,\"name\":\"Portada\",\"item\":\"https:\\\/\\\/www.mugaritz.com\\\/fr\\\/\"},{\"@type\":\"ListItem\",\"position\":2,\"name\":\"Andoni Luis Aduriz\"}]},{\"@type\":\"WebSite\",\"@id\":\"https:\\\/\\\/www.mugaritz.com\\\/fr\\\/#website\",\"url\":\"https:\\\/\\\/www.mugaritz.com\\\/fr\\\/\",\"name\":\"Mugaritz\",\"description\":\"Nous r\u00e9inventer \u00e0 partir de la fronti\u00e8re\",\"potentialAction\":[{\"@type\":\"SearchAction\",\"target\":{\"@type\":\"EntryPoint\",\"urlTemplate\":\"https:\\\/\\\/www.mugaritz.com\\\/fr\\\/?s={search_term_string}\"},\"query-input\":{\"@type\":\"PropertyValueSpecification\",\"valueRequired\":true,\"valueName\":\"search_term_string\"}}],\"inLanguage\":\"fr-FR\"}]}<\/script>\n<!-- \/ Yoast SEO plugin. -->","yoast_head_json":{"title":"Andoni Luis Aduriz - Mugaritz","robots":{"index":"index","follow":"follow","max-snippet":"max-snippet:-1","max-image-preview":"max-image-preview:large","max-video-preview":"max-video-preview:-1"},"canonical":"https:\/\/www.mugaritz.com\/fr\/andoni-luis-aduriz\/","og_locale":"fr_FR","og_type":"article","og_title":"Andoni Luis Aduriz - Mugaritz","og_url":"https:\/\/www.mugaritz.com\/fr\/andoni-luis-aduriz\/","og_site_name":"Mugaritz","article_modified_time":"2025-10-10T13:10:45+00:00","twitter_card":"summary_large_image","schema":{"@context":"https:\/\/schema.org","@graph":[{"@type":"WebPage","@id":"https:\/\/www.mugaritz.com\/fr\/andoni-luis-aduriz\/","url":"https:\/\/www.mugaritz.com\/fr\/andoni-luis-aduriz\/","name":"Andoni Luis Aduriz - Mugaritz","isPartOf":{"@id":"https:\/\/www.mugaritz.com\/fr\/#website"},"datePublished":"2024-08-30T07:11:05+00:00","dateModified":"2025-10-10T13:10:45+00:00","breadcrumb":{"@id":"https:\/\/www.mugaritz.com\/fr\/andoni-luis-aduriz\/#breadcrumb"},"inLanguage":"fr-FR","potentialAction":[{"@type":"ReadAction","target":["https:\/\/www.mugaritz.com\/fr\/andoni-luis-aduriz\/"]}]},{"@type":"BreadcrumbList","@id":"https:\/\/www.mugaritz.com\/fr\/andoni-luis-aduriz\/#breadcrumb","itemListElement":[{"@type":"ListItem","position":1,"name":"Portada","item":"https:\/\/www.mugaritz.com\/fr\/"},{"@type":"ListItem","position":2,"name":"Andoni Luis Aduriz"}]},{"@type":"WebSite","@id":"https:\/\/www.mugaritz.com\/fr\/#website","url":"https:\/\/www.mugaritz.com\/fr\/","name":"Mugaritz","description":"Nous r\u00e9inventer \u00e0 partir de la fronti\u00e8re","potentialAction":[{"@type":"SearchAction","target":{"@type":"EntryPoint","urlTemplate":"https:\/\/www.mugaritz.com\/fr\/?s={search_term_string}"},"query-input":{"@type":"PropertyValueSpecification","valueRequired":true,"valueName":"search_term_string"}}],"inLanguage":"fr-FR"}]}},"_links":{"self":[{"href":"https:\/\/www.mugaritz.com\/fr\/wp-json\/wp\/v2\/pages\/1142","targetHints":{"allow":["GET"]}}],"collection":[{"href":"https:\/\/www.mugaritz.com\/fr\/wp-json\/wp\/v2\/pages"}],"about":[{"href":"https:\/\/www.mugaritz.com\/fr\/wp-json\/wp\/v2\/types\/page"}],"author":[{"embeddable":true,"href":"https:\/\/www.mugaritz.com\/fr\/wp-json\/wp\/v2\/users\/2"}],"replies":[{"embeddable":true,"href":"https:\/\/www.mugaritz.com\/fr\/wp-json\/wp\/v2\/comments?post=1142"}],"version-history":[{"count":12,"href":"https:\/\/www.mugaritz.com\/fr\/wp-json\/wp\/v2\/pages\/1142\/revisions"}],"predecessor-version":[{"id":30647,"href":"https:\/\/www.mugaritz.com\/fr\/wp-json\/wp\/v2\/pages\/1142\/revisions\/30647"}],"wp:attachment":[{"href":"https:\/\/www.mugaritz.com\/fr\/wp-json\/wp\/v2\/media?parent=1142"}],"curies":[{"name":"wp","href":"https:\/\/api.w.org\/{rel}","templated":true}]}}